{"id":717,"date":"2020-07-14T19:12:30","date_gmt":"2020-07-14T19:12:30","guid":{"rendered":"https:\/\/pierrepivet.com\/?page_id=717"},"modified":"2022-06-05T13:05:45","modified_gmt":"2022-06-05T17:05:45","slug":"c-v","status":"publish","type":"page","link":"https:\/\/pierrepivet.com\/en\/c-v\/","title":{"rendered":"C.V"},"content":{"rendered":"<div class=\"fusion-fullwidth fullwidth-box fusion-builder-row-1 nonhundred-percent-fullwidth non-hundred-percent-height-scrolling\"  style='background-color: #242424;background-position: center center;background-repeat: no-repeat;padding-top:20px;padding-right:20px;padding-bottom:20px;padding-left:20px;'><div class=\"fusion-builder-row fusion-row\"><div  class=\"fusion-layout-column fusion_builder_column fusion_builder_column_1_1 fusion-builder-column-1 fusion-one-full fusion-column-first fusion-column-last 1_1\"  style='margin-top:0px;margin-bottom:20px;'>\n\t\t\t\t\t<div class=\"fusion-column-wrapper\" style=\"padding: 0px 0px 0px 0px;background-position:left top;background-repeat:no-repeat;-webkit-background-size:cover;-moz-background-size:cover;-o-background-size:cover;background-size:cover;\"   data-bg-url=\"\">\n\t\t\t\t\t\t<style type=\"text\/css\"><\/style><div class=\"fusion-title title fusion-title-1 fusion-title-text fusion-title-size-two\" style=\"font-size:34px;margin-top:0px;margin-bottom:31px;\"><h2 class=\"title-heading-left\" style=\"margin:0;font-size:1em;color:#ffffff;\"><span style=\"font-family: 'Open Sans Condensed'; font-weight: 300;\" data-fusion-font=\"true\" data-fusion-google-font=\"Open Sans Condensed\" data-fusion-google-variant=\"300\" data-fusion-google-subset=\"latin\">Pierre Pivet<\/span><\/h2><div class=\"title-sep-container\"><div class=\"title-sep sep-single sep-solid\" style=\"border-color:#3e3e3e;\"><\/div><\/div><\/div><div class=\"fusion-text\"><p><em><span style=\"color: #aaa9a9;\">Born November 26, 1948 in Normandy, France<\/span><\/em><\/p>\n<p><em><span style=\"color: #aaa9a9;\">Four years of artistic training at the PORT-ROYAL Academy in Paris<\/span><\/em><\/p>\n<p><em><span style=\"color: #aaa9a9;\">Emigration to Quebec in 1983<\/span><\/em><\/p>\n<p><em><span style=\"color: #aaa9a9;\">Emigration to Quebec in 1983<\/span><\/em><\/p>\n<\/div><style type=\"text\/css\"><\/style><div class=\"fusion-title title fusion-title-2 sep-underline sep-solid fusion-title-text fusion-title-size-two\" style=\"border-bottom-color:#aaa9a9;font-size:34px;margin-top:30px;margin-bottom:31px;\"><h2 class=\"title-heading-left\" style=\"margin:0;font-size:1em;color:#ffffff;\"><span style=\"font-family: 'Open Sans Condensed'; font-weight: 300;\" data-fusion-font=\"true\" data-fusion-google-font=\"Open Sans Condensed\" data-fusion-google-variant=\"300\" data-fusion-google-subset=\"latin\">Awards<\/span><\/h2><\/div><div class=\"fusion-text\"><p style=\"color: rgb(170, 169, 169);\">Grand Prix of the Academy of Port-Royal - 1976<\/p>\n<p style=\"color: rgb(170, 169, 169);\">Grand Prix Chardin \u2013 1976<\/p>\n<p style=\"color: rgb(170, 169, 169);\">Drouant Award, Paris - 1977<\/p>\n<p style=\"color: rgb(170, 169, 169);\">Silver medal Bilan de l'art contemporain, Quebec - 1981<\/p>\n<p style=\"color: rgb(170, 169, 169);\">Selected for the Monte-Carlo Award - 1982<\/p>\n<\/div><style type=\"text\/css\"><\/style><div class=\"fusion-title title fusion-title-3 sep-underline sep-solid fusion-title-text fusion-title-size-two\" style=\"border-bottom-color:#aaa9a9;font-size:34px;margin-top:30px;margin-bottom:31px;\"><h2 class=\"title-heading-left\" style=\"margin:0;font-size:1em;color:#ffffff;\"><span style=\"font-family: 'Open Sans Condensed'; font-weight: 300;\" data-fusion-font=\"true\" data-fusion-google-font=\"Open Sans Condensed\" data-fusion-google-variant=\"300\" data-fusion-google-subset=\"latin\">Honorary titles<\/span><\/h2><\/div><div class=\"fusion-text\"><p style=\"color: rgb(170, 169, 169);\"><b>Member<\/b><\/p>\n<ul>\n<li><span style=\"color: rgb(170, 169, 169);\">Salon d'Automne, Paris<\/span><\/li>\n<li><span style=\"color: rgb(170, 169, 169);\">National Salon of Fine Arts, Paris<\/span><\/li>\n<li><span style=\"color: rgb(170, 169, 169);\">Contemporary Art Report<\/span><\/li>\n<li><span style=\"color: rgb(170, 169, 169);\">Salon de Caen<\/span><\/li>\n<\/ul>\n<p style=\"color: rgb(170, 169, 169);\"><b>Selected in 1984<\/b><\/p>\n<ul>\n<li><span style=\"color: rgb(170, 169, 169);\">Exhibition \"Montreal seen by painters from 1860 to 1984\",<\/span><\/li>\n<li><span style=\"color: rgb(170, 169, 169);\">Montreal City Hall<\/span><\/li>\n<\/ul>\n<p style=\"color: rgb(170, 169, 169);\"><b>Artist of honor in 1984<\/b><\/p>\n<ul>\n<li><span style=\"color: rgb(170, 169, 169);\">First Fall Show in Frelighsburg, Missisquoi County, Quebec, with the collaboration of Mr. Guy Gilbert<\/span><\/li>\n<\/ul>\n<p style=\"color: rgb(170, 169, 169);\"><b>Guest of honor in 1987<\/b><\/p>\n<ul>\n<li><span style=\"color: rgb(170, 169, 169);\">In Cheltenham at the Falcon Polo Club, England, for one month for a polo exhibition<\/span><\/li>\n<\/ul>\n<p style=\"color: rgb(170, 169, 169);\"><b>Thematic exhibition in 1993<\/b><\/p>\n<ul>\n<li><span style=\"color: rgb(170, 169, 169);\">\"We are this world, it is our reflection...\", Montreal, with the participation of TV5<\/span><\/li>\n<\/ul>\n<p style=\"color: rgb(170, 169, 169);\"><b>Guest of honor 1997<\/b><\/p>\n<ul>\n<li><span style=\"color: rgb(170, 169, 169);\">Exhibition organized by the French Embassy in Panama in collaboration with Ambassador Alain Pallu de Beaupuy<\/span><\/li>\n<\/ul>\n<\/div><style type=\"text\/css\"><\/style><div class=\"fusion-title title fusion-title-4 sep-underline sep-solid fusion-title-text fusion-title-size-two\" style=\"border-bottom-color:#aaa9a9;font-size:34px;margin-top:30px;margin-bottom:31px;\"><h2 class=\"title-heading-left\" style=\"margin:0;font-size:1em;color:#ffffff;\"><span style=\"font-family: 'Open Sans Condensed'; font-weight: 300;\" data-fusion-font=\"true\" data-fusion-google-font=\"Open Sans Condensed\" data-fusion-google-variant=\"300\" data-fusion-google-subset=\"latin\">Exhibitions<\/span><\/h2><\/div><div class=\"fusion-text\"><p style=\"color: #aaa9a9;\">1973 \u2013 \u00c9tats-Unis San Francisco, Alliance Fran\u00e7aise<\/p>\n<p style=\"color: #aaa9a9;\">1975 \u2013 France Caen, Galerie de la Girafe<\/p>\n<p style=\"color: #aaa9a9;\">1976 \u2013 France Paris, Galerie Chardin<\/p>\n<p style=\"color: #aaa9a9;\">1978 \u2013 France Paris, Galerie de la Mandragore<\/p>\n<p style=\"color: #aaa9a9;\">1979 \u2013 Suisse Gen\u00e8ve, Galerie du Th\u00e9\u00e2tre<\/p>\n<p style=\"color: #aaa9a9;\">1980 \u2013 France Limoges, Galerie Municipale<\/p>\n<p style=\"color: #aaa9a9;\">1981 \u2013 France Paris, Galerie ZL<\/p>\n<p style=\"color: #aaa9a9;\">1982 \u2013 Suisse Gen\u00e8ve, Galerie du Th\u00e9\u00e2tre<\/p>\n<p style=\"color: #aaa9a9;\">1983 \u2013 France Foug\u00e8res, Galerie Beffroi<\/p>\n<p style=\"color: #aaa9a9;\">1984 \u2013 Canada Montr\u00e9al, Galerie de l\u2019Isle<\/p>\n<p style=\"color: #aaa9a9;\">1985 \u2013 Suisse Gen\u00e8ve, Galerie du Th\u00e9\u00e2tre<\/p>\n<p style=\"color: #aaa9a9;\">1985 \u2013 Canada Montr\u00e9al, Galerie de l\u2019Isle<\/p>\n<p style=\"color: #aaa9a9;\">1986 \u2013 Suisse Gen\u00e8ve, Galerie du Th\u00e9\u00e2tre<\/p>\n<p style=\"color: #aaa9a9;\">1986 \u2013 Canada Montr\u00e9al, Galerie de l\u2019Isle<\/p>\n<p style=\"color: #aaa9a9;\">1988 \u2013 Canada Toronto, Hollander York Gallery<\/p>\n<p style=\"color: #aaa9a9;\">1989 \u2013 Canada Montr\u00e9al, Galerie de l\u2019Isle<\/p>\n<p style=\"color: #aaa9a9;\">1990 \u2013 Canada Toronto, Hollander York Gallery<\/p>\n<p style=\"color: #aaa9a9;\">1991 \u2013 Luxembourg Art Modern Gallery<\/p>\n<p style=\"color: #aaa9a9;\">1991 \u2013 Canada Montr\u00e9al, Galerie de l\u2019Isle<\/p>\n<p style=\"color: #aaa9a9;\">1992 \u2013 Canada Toronto, Hollander York Gallery<\/p>\n<p style=\"color: #aaa9a9;\">1993 \u2013 Canada Montr\u00e9al, Galerie de l\u2019Isle<\/p>\n<p style=\"color: #aaa9a9;\">1994 \u2013 Canada Toronto, Hollander York Gallery<\/p>\n<p style=\"color: #aaa9a9;\">1994 \u2013 \u00c9tats-Unis Fort Lauderdale, Noblesse Oblige Gallery<\/p>\n<p style=\"color: #aaa9a9;\">1994 \u2013 Canada Calgary, Wallace Art Gallery<\/p>\n<p style=\"color: #aaa9a9;\">1995 \u2013 Canada Montr\u00e9al, Galerie de l\u2019Isle<\/p>\n<p style=\"color: #aaa9a9;\">1995 \u2013 Canada Edmonton, West End Gallery<\/p>\n<p style=\"color: #aaa9a9;\">1995 \u2013 \u00c9tats-Unis Lansing, Dusty\u2019s English Inn<\/p>\n<p style=\"color: #aaa9a9;\">1996 \u2013 Canada Qu\u00e9bec, Galerie l\u2019H\u00e9ritage contemporain<\/p>\n<p style=\"color: #aaa9a9;\">1996 \u2013 Canada Montr\u00e9al, Galerie de l\u2019Isle<\/p>\n<p style=\"color: #aaa9a9;\">1996 \u2013 Panama Panama, Habitante Art Gallery<\/p>\n<p style=\"color: #aaa9a9;\">1997 \u2013 Canada Montr\u00e9al, Galerie de l\u2019Isle<\/p>\n<p style=\"color: #aaa9a9;\">1998 \u2013 Canada Qu\u00e9bec, Galerie l\u2019H\u00e9ritage contemporain<\/p>\n<p style=\"color: #aaa9a9;\">1999 \u2013 Canada Montr\u00e9al, Galerie de l\u2019Isle<\/p>\n<p style=\"color: #aaa9a9;\">2000 \u2013 France Marseille, Galerie Asakusa<\/p>\n<p style=\"color: #aaa9a9;\">2000 \u2013 Canada Montr\u00e9al, Galerie de l\u2019Isle<\/p>\n<p style=\"color: #aaa9a9;\">2002 \u2013 France Clermont \u2013 Ferrand, Galerie Salvany<\/p>\n<p style=\"color: #aaa9a9;\">2003 \u2013 Canada Toronto, Harbour Gallery<\/p>\n<p style=\"color: #aaa9a9;\">2004 \u2013 Canada Montr\u00e9al, Galerie de l\u2019Isle<\/p>\n<p style=\"color: #aaa9a9;\">2004 \u2013 France Clermont \u2013 Ferrand, Galerie Salvany<\/p>\n<p style=\"color: #aaa9a9;\">2005 \u2013 \u00c9tats-Unis Houston, Galerie Nolan-Rankin<\/p>\n<p style=\"color: #aaa9a9;\">2006 \u2013 Canada Toronto, Harbour Galerie<\/p>\n<p style=\"color: #aaa9a9;\">2007 \u2013 \u00c9tats-Unis Houston, Galerie Nolan-Rankin<\/p>\n<p style=\"color: #aaa9a9;\">2009 \u2013 Canada Toronto, Hollander York Gallery<\/p>\n<p style=\"color: #aaa9a9;\">2009 \u2013 Canada Toronto, Harbour Gallery<\/p>\n<p style=\"color: #aaa9a9;\">2010 \u2013 \u00c9tats-Unis Houston, Galerie Nolan-Rankin<\/p>\n<p style=\"color: #aaa9a9;\">2010 \u2013 Canada Montr\u00e9al, Galerie MX<\/p>\n<p style=\"color: #aaa9a9;\">2012 \u2013 France Saint-Genis-Pouilly, centre culturel Jean Monnet<\/p>\n<p style=\"color: #aaa9a9;\">2013 \u2013 \u00c9tats-Unis Houston, Galerie Nolan-Rankin<\/p>\n<p style=\"color: #aaa9a9;\">2013 \u2013 Canada Drummondville, Galerie d\u2019art Solange Lebel<\/p>\n<p style=\"color: #aaa9a9;\">2014 \u2013 Canada Toronto, Harbour Gallery<\/p>\n<p style=\"color: #aaa9a9;\">2015 \u2013 Canada Montr\u00e9al, h\u00f4tel de ville de Montr\u00e9al<\/p>\n<p style=\"color: #aaa9a9;\">2015 \u2013 Etats-Unis Houston,Galerie Nolan-Rankin<\/p>\n<p style=\"color: #aaa9a9;\">\u00a02018 &#8211; Canada Toronto,Harbour Gallery<\/p>\n<p>2020 &#8211; Canada Toronto,Harbour Gallery<\/p>\n<p>2022 &#8211; Canada Toronto,Harbour Gallery<\/p>\n<\/div><style type=\"text\/css\"><\/style><div class=\"fusion-title title fusion-title-5 sep-underline sep-solid fusion-title-text fusion-title-size-two\" style=\"border-bottom-color:#aaa9a9;font-size:34px;margin-top:30px;margin-bottom:31px;\"><h2 class=\"title-heading-left\" style=\"margin:0;font-size:1em;color:#ffffff;\"><span style=\"font-family: 'Open Sans Condensed'; font-weight: 300;\" data-fusion-font=\"true\" data-fusion-google-font=\"Open Sans Condensed\" data-fusion-google-variant=\"300\" data-fusion-google-subset=\"latin\">Group exhibits<\/span><\/h2><\/div><div class=\"fusion-text\"><p style=\"color: rgb(170, 169, 169);\">1978 - France Paris, Cimaise d'\u00e9t\u00e9 Galerie Chardin<\/p>\n<p style=\"color: rgb(170, 169, 169);\">1981 - Canada Quebec, Contemporary Art Review<\/p>\n<p style=\"color: rgb(170, 169, 169);\">1986 - United States Fort Lauderdale, Daniel Gallery<\/p>\n<p style=\"color: rgb(170, 169, 169);\">1987 - Canada Galerie de l'Isle, Exhibition \"Artists and Music<\/p>\n<p style=\"color: rgb(170, 169, 169);\">1987 - United States Palm Springs, Palm Springs Gallery<\/p>\n<p style=\"color: rgb(170, 169, 169);\">1996 - United States Key West, Caribbean Gallery<\/p>\n<p style=\"color: rgb(170, 169, 169);\">1999 - France Marseille, Asakusa Gallery<\/p>\n<p style=\"color: rgb(170, 169, 169);\">2002 - France Paris, Art Comparaison Gallery<\/p>\n<p style=\"color: rgb(170, 169, 169);\">2001 - France Marseille, Asakusa Gallery<\/p>\n<p style=\"color: rgb(170, 169, 169);\">2006 - France Paris, Art Comparaison Gallery<\/p>\n<p style=\"color: rgb(170, 169, 169);\">2008 - Belgium Brussels, Louise-London Gallery<\/p>\n<\/div><style type=\"text\/css\"><\/style><div class=\"fusion-title title fusion-title-6 sep-underline sep-solid fusion-title-text fusion-title-size-two\" style=\"border-bottom-color:#aaa9a9;font-size:34px;margin-top:30px;margin-bottom:31px;\"><h2 class=\"title-heading-left\" style=\"margin:0;font-size:1em;color:#ffffff;\"><span style=\"font-family: 'Open Sans Condensed'; font-weight: 300;\" data-fusion-font=\"true\" data-fusion-google-font=\"Open Sans Condensed\" data-fusion-google-variant=\"300\" data-fusion-google-subset=\"latin\">Exhibitions<\/span><\/h2><\/div><div class=\"fusion-text\"><p style=\"color: rgb(170, 169, 169);\">Salon d'Automne, Paris from 1975 to 1983 and 1990, 1991<\/p>\n<p style=\"color: rgb(170, 169, 169);\">FIAP exhibition, Paris 1976 and 1978<\/p>\n<p style=\"color: rgb(170, 169, 169);\">Salon des Beaux Arts, Paris from 1975 to 1977<\/p>\n<p style=\"color: rgb(170, 169, 169);\">National Art Gallery Show, Montreal from 1984 to 1986 and 1994<\/p>\n<p style=\"color: rgb(170, 169, 169);\">Art Expo, New York from 1997 to 2000<\/p>\n<p style=\"color: rgb(170, 169, 169);\">Art Americas, Miami 1997<\/p>\n<\/div><style type=\"text\/css\"><\/style><div class=\"fusion-title title fusion-title-7 sep-underline sep-solid fusion-title-text fusion-title-size-two\" style=\"border-bottom-color:#aaa9a9;font-size:34px;margin-top:30px;margin-bottom:31px;\"><h2 class=\"title-heading-left\" style=\"margin:0;font-size:1em;color:#ffffff;\"><span style=\"font-family: 'Open Sans Condensed'; font-weight: 300;\" data-fusion-font=\"true\" data-fusion-google-font=\"Open Sans Condensed\" data-fusion-google-variant=\"300\" data-fusion-google-subset=\"latin\">Ongoing<\/span><\/h2><\/div><div class=\"fusion-text\"><p style=\"color: #aaa9a9;\">Canada<\/p>\n<ul>\n<li><span style=\"color: #aaa9a9;\">Drummondville, Galerie d\u2019art Drummond<\/span><\/li>\n<li><span style=\"color: #aaa9a9;\">Toronto, Harbour Gallery<\/span><\/li>\n<li>Baie saint Paul ,Galerie L&rsquo;harmattan<\/li>\n<li>Qu\u00e9bec, Galerie Lise Leclerc<\/li>\n<\/ul>\n<ul>\n<li>Countries where he had shows<\/li>\n<li>\u00a0<\/li>\n<li>France, Canada, \u00c9tats Unis, Belgique<\/li>\n<li>Suisse, Luxembourg, Maroc, Panama<\/li>\n<\/ul>\n<p style=\"color: #aaa9a9;\">\u00a0<\/p>\n<\/div><style type=\"text\/css\"><\/style><div class=\"fusion-title title fusion-title-8 sep-underline sep-solid fusion-title-text fusion-title-size-two\" style=\"border-bottom-color:#aaa9a9;font-size:34px;margin-top:30px;margin-bottom:31px;\"><h2 class=\"title-heading-left\" style=\"margin:0;font-size:1em;color:#ffffff;\"><span style=\"font-family: 'Open Sans Condensed'; font-weight: 300;\" data-fusion-font=\"true\" data-fusion-google-font=\"Open Sans Condensed\" data-fusion-google-variant=\"300\" data-fusion-google-subset=\"latin\">Collections<\/span><\/h2><\/div><div class=\"fusion-text\"><p><b style=\"color: rgb(170, 169, 169);\">Montreal :<\/b><\/p>\n<p style=\"color: rgb(170, 169, 169);\">Westcliff cie, Steinberg, Pratt &amp; Whitney, Lise Watier, SNC-Lavalin, Guy &amp; Gilbert, Gaz M\u00e9tropolitain, Samson B\u00e9lair Deloitte et Touche, Abitibi Price, \u00c9tude Degranpr\u00e9, Gamma, Peter Morentzos (Ponytail restaurant). Complete interior and exterior decoration of the Tsirco restaurant. Decoration of the restaurant Le Pois Pench\u00e9<\/p>\n<p><b style=\"color: rgb(170, 169, 169);\">Many private collectors:<\/b><\/p>\n<p style=\"color: rgb(170, 169, 169);\">United States, France, Switzerland, Belgium, Japan, Canada, Panama, etc.<\/p>\n<\/div><div class=\"fusion-clearfix\"><\/div>\n\n\t\t\t\t\t<\/div>\n\t\t\t\t<\/div><\/div><\/div>","protected":false},"excerpt":{"rendered":"","protected":false},"author":1,"featured_media":0,"parent":0,"menu_order":0,"comment_status":"closed","ping_status":"closed","template":"","meta":[],"_links":{"self":[{"href":"https:\/\/pierrepivet.com\/en\/wp-json\/wp\/v2\/pages\/717"}],"collection":[{"href":"https:\/\/pierrepivet.com\/en\/wp-json\/wp\/v2\/pages"}],"about":[{"href":"https:\/\/pierrepivet.com\/en\/wp-json\/wp\/v2\/types\/page"}],"author":[{"embeddable":true,"href":"https:\/\/pierrepivet.com\/en\/wp-json\/wp\/v2\/users\/1"}],"replies":[{"embeddable":true,"href":"https:\/\/pierrepivet.com\/en\/wp-json\/wp\/v2\/comments?post=717"}],"version-history":[{"count":15,"href":"https:\/\/pierrepivet.com\/en\/wp-json\/wp\/v2\/pages\/717\/revisions"}],"predecessor-version":[{"id":1039,"href":"https:\/\/pierrepivet.com\/en\/wp-json\/wp\/v2\/pages\/717\/revisions\/1039"}],"wp:attachment":[{"href":"https:\/\/pierrepivet.com\/en\/wp-json\/wp\/v2\/media?parent=717"}],"curies":[{"name":"wp","href":"https:\/\/api.w.org\/{rel}","templated":true}]}}